{"id":12439,"date":"2026-01-26T15:55:03","date_gmt":"2026-01-26T14:55:03","guid":{"rendered":"https:\/\/manosinkietas.com\/?post_type=product&#038;p=12439"},"modified":"2026-01-26T16:07:10","modified_gmt":"2026-01-26T15:07:10","slug":"album-de-fotos-aqui-empezo-todo-regalo-san-valentin","status":"publish","type":"product","link":"https:\/\/manosinkietas.com\/en\/product\/album-de-fotos-aqui-empezo-todo-regalo-san-valentin\/","title":{"rendered":"\u00c1lbum de Fotos Aqu\u00ed Empez\u00f3 Todo Regalo San Valent\u00edn"},"content":{"rendered":"<p>Hermoso y original \u00e1lbum de fotos Aqu\u00ed empez\u00f3 todo, especial para conservar tus recuerdos m\u00e1s bonitos e ideal como regalo San Valent\u00edn.<\/p>\n<p>Este precioso \u00e1lbum de fotos ha sido creado con portada y contraportada en madera contrachapado 3mm. El dise\u00f1o es a corte y grabado l\u00e1ser y cada pieza tiene 30 hojas (60 p\u00e1ginas) en papel reciclado de 135g y encuadernaci\u00f3n de 2 anillas.<\/p>\n<p>En la portada del \u00e1lbum de fotos cortamos las iniciales de la pareja. Tambi\u00e9n grabamos la frase &#8220;Aqu\u00ed empez\u00f3 todo&#8221; y podemos a\u00f1adir una fecha especial.<\/p>\n<p>La portada tiene un coraz\u00f3n en metacrilato rojo.<\/p>\n<p>Medidas: 27cm x 20cm<\/p>\n<p>TIEMPO DE ELABORACI\u00d3N: 8 a 10 d\u00edas laborables. Depende de la \u00e9poca (en temporada de eventos puede tardar m\u00e1s). Por favor, consultar.<\/p>\n<p>NOTA: No se acepten devoluciones de piezas de madera con vetas, especialmente si se trata de productos personalizados o en los cuales se aprovechan las caracter\u00edsticas naturales de la madera. Esto se debe a que las variaciones en el color y las vetas son inherentes a la madera natural y no se consideran defectos.<\/p>\n<p>*****************************************<\/p>\n<p>Por favor, preg\u00fantanos si tienes alguna duda acerca de nuestros productos. Estamos felices de atenderte. Recordatorio: esta es una peque\u00f1a tienda de emprendedores y el tiempo invertido en crear nuestras piezas \u00fanicas tambi\u00e9n tiene valor. \u00bfTe gustan nuestros productos? Echa un vistazo a la tienda:<\/p>","protected":false},"excerpt":{"rendered":"<p>Hermoso y original \u00e1lbum de fotos Aqu\u00ed empez\u00f3 todo, especial para conservar tus recuerdos m\u00e1s bonitos e ideal como regalo San Valent\u00edn.<\/p>","protected":false},"featured_media":12443,"comment_status":"open","ping_status":"closed","template":"","meta":{"_acf_changed":false},"product_brand":[],"product_cat":[36,695],"product_tag":[57,260,1574,1573,1572,846,1575,49,1244,1571,1230,602,603,987,1225,69,196,48,219,1570,270,1229,1559,218],"filtro_producto":[],"class_list":["post-12439","product","type-product","status-publish","has-post-thumbnail","product_cat-celebracion","product_cat-libros-de-firmas","product_tag-album","product_tag-album-de-fotos","product_tag-album-de-fotos-enamorados","product_tag-album-de-fotos-parejas","product_tag-album-de-fotos-san-valentin","product_tag-amor","product_tag-aqui-empezo-todo","product_tag-corte-laser","product_tag-detalle-de-san-valentin","product_tag-detalle-san-valentin","product_tag-detalles-de-san-valentin","product_tag-dia-de-los-enamorados","product_tag-dia-del-amor","product_tag-dia-del-amor-y-la-amistad","product_tag-enamorados","product_tag-grabado-laser","product_tag-madera","product_tag-metacrilato","product_tag-regalo-de-san-valentin","product_tag-regalo-san-valentin","product_tag-regalos","product_tag-regalos-de-san-valentin","product_tag-regalos-para-parejas","product_tag-san-valentin","first","instock","taxable","shipping-taxable","purchasable","product-type-simple"],"acf":[],"aioseo_notices":[],"aioseo_head":"\n\t\t<!-- All in One SEO 4.9.10 - aioseo.com -->\n\t<meta name=\"description\" content=\"Hermoso y original \u00e1lbum de fotos Aqu\u00ed empez\u00f3 todo, especial para conservar tus recuerdos m\u00e1s bonitos e ideal como regalo San Valent\u00edn.\" \/>\n\t<meta name=\"robots\" content=\"max-image-preview:large\" \/>\n\t<link rel=\"canonical\" href=\"https:\/\/manosinkietas.com\/en\/product\/album-de-fotos-aqui-empezo-todo-regalo-san-valentin\/\" \/>\n\t<meta name=\"generator\" content=\"All in One SEO (AIOSEO) 4.9.10\" \/>\n\t\t<meta property=\"og:locale\" content=\"en_GB\" \/>\n\t\t<meta property=\"og:site_name\" content=\"Manos Inkietas - Manos Inkietas\" \/>\n\t\t<meta property=\"og:type\" content=\"article\" \/>\n\t\t<meta property=\"og:title\" content=\"\u00c1lbum de Fotos Aqu\u00ed Empez\u00f3 Todo Regalo San Valent\u00edn - Manos Inkietas\" \/>\n\t\t<meta property=\"og:description\" content=\"Hermoso y original \u00e1lbum de fotos Aqu\u00ed empez\u00f3 todo, especial para conservar tus recuerdos m\u00e1s bonitos e ideal como regalo San Valent\u00edn.\" \/>\n\t\t<meta property=\"og:url\" content=\"https:\/\/manosinkietas.com\/en\/product\/album-de-fotos-aqui-empezo-todo-regalo-san-valentin\/\" \/>\n\t\t<meta property=\"og:image\" content=\"https:\/\/manosinkietas.com\/wp-content\/uploads\/2021\/01\/LogoManosInkietas.png\" \/>\n\t\t<meta property=\"og:image:secure_url\" content=\"https:\/\/manosinkietas.com\/wp-content\/uploads\/2021\/01\/LogoManosInkietas.png\" \/>\n\t\t<meta property=\"article:published_time\" content=\"2026-01-26T14:55:03+00:00\" \/>\n\t\t<meta property=\"article:modified_time\" content=\"2026-01-26T15:07:10+00:00\" \/>\n\t\t<meta name=\"twitter:card\" content=\"summary\" \/>\n\t\t<meta name=\"twitter:title\" content=\"\u00c1lbum de Fotos Aqu\u00ed Empez\u00f3 Todo Regalo San Valent\u00edn - Manos Inkietas\" \/>\n\t\t<meta name=\"twitter:description\" content=\"Hermoso y original \u00e1lbum de fotos Aqu\u00ed empez\u00f3 todo, especial para conservar tus recuerdos m\u00e1s bonitos e ideal como regalo San Valent\u00edn.\" \/>\n\t\t<meta name=\"twitter:image\" content=\"https:\/\/manosinkietas.com\/wp-content\/uploads\/2021\/01\/LogoManosInkietas.png\" \/>\n\t\t<script type=\"application\/ld+json\" class=\"aioseo-schema\">\n\t\t\t{\"@context\":\"https:\\\/\\\/schema.org\",\"@graph\":[{\"@type\":\"BreadcrumbList\",\"@id\":\"https:\\\/\\\/manosinkietas.com\\\/en\\\/product\\\/album-de-fotos-aqui-empezo-todo-regalo-san-valentin\\\/#breadcrumblist\",\"itemListElement\":[{\"@type\":\"ListItem\",\"@id\":\"https:\\\/\\\/manosinkietas.com\\\/en#listItem\",\"position\":1,\"name\":\"Inicio\",\"item\":\"https:\\\/\\\/manosinkietas.com\\\/en\",\"nextItem\":{\"@type\":\"ListItem\",\"@id\":\"https:\\\/\\\/manosinkietas.com\\\/en\\\/tienda\\\/#listItem\",\"name\":\"Tienda\"}},{\"@type\":\"ListItem\",\"@id\":\"https:\\\/\\\/manosinkietas.com\\\/en\\\/tienda\\\/#listItem\",\"position\":2,\"name\":\"Tienda\",\"item\":\"https:\\\/\\\/manosinkietas.com\\\/en\\\/tienda\\\/\",\"nextItem\":{\"@type\":\"ListItem\",\"@id\":\"https:\\\/\\\/manosinkietas.com\\\/en\\\/categoria\\\/celebracion\\\/#listItem\",\"name\":\"Eventos y ocasiones especiales\"},\"previousItem\":{\"@type\":\"ListItem\",\"@id\":\"https:\\\/\\\/manosinkietas.com\\\/en#listItem\",\"name\":\"Inicio\"}},{\"@type\":\"ListItem\",\"@id\":\"https:\\\/\\\/manosinkietas.com\\\/en\\\/categoria\\\/celebracion\\\/#listItem\",\"position\":3,\"name\":\"Eventos y ocasiones especiales\",\"item\":\"https:\\\/\\\/manosinkietas.com\\\/en\\\/categoria\\\/celebracion\\\/\",\"nextItem\":{\"@type\":\"ListItem\",\"@id\":\"https:\\\/\\\/manosinkietas.com\\\/en\\\/categoria\\\/celebracion\\\/libros-de-firmas\\\/#listItem\",\"name\":\"Libros de firmas\"},\"previousItem\":{\"@type\":\"ListItem\",\"@id\":\"https:\\\/\\\/manosinkietas.com\\\/en\\\/tienda\\\/#listItem\",\"name\":\"Tienda\"}},{\"@type\":\"ListItem\",\"@id\":\"https:\\\/\\\/manosinkietas.com\\\/en\\\/categoria\\\/celebracion\\\/libros-de-firmas\\\/#listItem\",\"position\":4,\"name\":\"Libros de firmas\",\"item\":\"https:\\\/\\\/manosinkietas.com\\\/en\\\/categoria\\\/celebracion\\\/libros-de-firmas\\\/\",\"nextItem\":{\"@type\":\"ListItem\",\"@id\":\"https:\\\/\\\/manosinkietas.com\\\/en\\\/product\\\/album-de-fotos-aqui-empezo-todo-regalo-san-valentin\\\/#listItem\",\"name\":\"\\u00c1lbum de Fotos Aqu\\u00ed Empez\\u00f3 Todo Regalo San Valent\\u00edn\"},\"previousItem\":{\"@type\":\"ListItem\",\"@id\":\"https:\\\/\\\/manosinkietas.com\\\/en\\\/categoria\\\/celebracion\\\/#listItem\",\"name\":\"Eventos y ocasiones especiales\"}},{\"@type\":\"ListItem\",\"@id\":\"https:\\\/\\\/manosinkietas.com\\\/en\\\/product\\\/album-de-fotos-aqui-empezo-todo-regalo-san-valentin\\\/#listItem\",\"position\":5,\"name\":\"\\u00c1lbum de Fotos Aqu\\u00ed Empez\\u00f3 Todo Regalo San Valent\\u00edn\",\"previousItem\":{\"@type\":\"ListItem\",\"@id\":\"https:\\\/\\\/manosinkietas.com\\\/en\\\/categoria\\\/celebracion\\\/libros-de-firmas\\\/#listItem\",\"name\":\"Libros de firmas\"}}]},{\"@type\":\"ItemPage\",\"@id\":\"https:\\\/\\\/manosinkietas.com\\\/en\\\/product\\\/album-de-fotos-aqui-empezo-todo-regalo-san-valentin\\\/#itempage\",\"url\":\"https:\\\/\\\/manosinkietas.com\\\/en\\\/product\\\/album-de-fotos-aqui-empezo-todo-regalo-san-valentin\\\/\",\"name\":\"\\u00c1lbum de Fotos Aqu\\u00ed Empez\\u00f3 Todo Regalo San Valent\\u00edn - Manos Inkietas\",\"description\":\"Hermoso y original \\u00e1lbum de fotos Aqu\\u00ed empez\\u00f3 todo, especial para conservar tus recuerdos m\\u00e1s bonitos e ideal como regalo San Valent\\u00edn.\",\"inLanguage\":\"en-GB\",\"isPartOf\":{\"@id\":\"https:\\\/\\\/manosinkietas.com\\\/en\\\/#website\"},\"breadcrumb\":{\"@id\":\"https:\\\/\\\/manosinkietas.com\\\/en\\\/product\\\/album-de-fotos-aqui-empezo-todo-regalo-san-valentin\\\/#breadcrumblist\"},\"image\":{\"@type\":\"ImageObject\",\"url\":\"https:\\\/\\\/manosinkietas.com\\\/wp-content\\\/uploads\\\/2026\\\/01\\\/WhatsApp-Image-2026-01-26-at-15.49.44-1.jpeg\",\"@id\":\"https:\\\/\\\/manosinkietas.com\\\/en\\\/product\\\/album-de-fotos-aqui-empezo-todo-regalo-san-valentin\\\/#mainImage\",\"width\":1148,\"height\":2040,\"caption\":\"\\u00c1lbum de Fotos Aqu\\u00ed Empez\\u00f3 Todo Regalo San Valent\\u00edn\"},\"primaryImageOfPage\":{\"@id\":\"https:\\\/\\\/manosinkietas.com\\\/en\\\/product\\\/album-de-fotos-aqui-empezo-todo-regalo-san-valentin\\\/#mainImage\"},\"datePublished\":\"2026-01-26T15:55:03+01:00\",\"dateModified\":\"2026-01-26T16:07:10+01:00\"},{\"@type\":\"Organization\",\"@id\":\"https:\\\/\\\/manosinkietas.com\\\/en\\\/#organization\",\"name\":\"Manos Inkietas\",\"description\":\"Manos Inkietas\",\"url\":\"https:\\\/\\\/manosinkietas.com\\\/en\\\/\",\"logo\":{\"@type\":\"ImageObject\",\"url\":\"https:\\\/\\\/manosinkietas.com\\\/wp-content\\\/uploads\\\/2021\\\/01\\\/LogoManosInkietas.png\",\"@id\":\"https:\\\/\\\/manosinkietas.com\\\/en\\\/product\\\/album-de-fotos-aqui-empezo-todo-regalo-san-valentin\\\/#organizationLogo\",\"width\":566,\"height\":263},\"image\":{\"@id\":\"https:\\\/\\\/manosinkietas.com\\\/en\\\/product\\\/album-de-fotos-aqui-empezo-todo-regalo-san-valentin\\\/#organizationLogo\"}},{\"@type\":\"WebSite\",\"@id\":\"https:\\\/\\\/manosinkietas.com\\\/en\\\/#website\",\"url\":\"https:\\\/\\\/manosinkietas.com\\\/en\\\/\",\"name\":\"Manos Inkietas\",\"description\":\"Manos Inkietas\",\"inLanguage\":\"en-GB\",\"publisher\":{\"@id\":\"https:\\\/\\\/manosinkietas.com\\\/en\\\/#organization\"}}]}\n\t\t<\/script>\n\t\t<!-- All in One SEO -->\n\n","aioseo_head_json":{"title":"\u00c1lbum de Fotos Aqu\u00ed Empez\u00f3 Todo Regalo San Valent\u00edn - Manos Inkietas","description":"Hermoso y original \u00e1lbum de fotos Aqu\u00ed empez\u00f3 todo, especial para conservar tus recuerdos m\u00e1s bonitos e ideal como regalo San Valent\u00edn.","canonical_url":"https:\/\/manosinkietas.com\/en\/product\/album-de-fotos-aqui-empezo-todo-regalo-san-valentin\/","robots":"max-image-preview:large","keywords":"","webmasterTools":{"miscellaneous":""},"schema":{"@context":"https:\/\/schema.org","@graph":[{"@type":"BreadcrumbList","@id":"https:\/\/manosinkietas.com\/en\/product\/album-de-fotos-aqui-empezo-todo-regalo-san-valentin\/#breadcrumblist","itemListElement":[{"@type":"ListItem","@id":"https:\/\/manosinkietas.com\/en#listItem","position":1,"name":"Inicio","item":"https:\/\/manosinkietas.com\/en","nextItem":{"@type":"ListItem","@id":"https:\/\/manosinkietas.com\/en\/tienda\/#listItem","name":"Tienda"}},{"@type":"ListItem","@id":"https:\/\/manosinkietas.com\/en\/tienda\/#listItem","position":2,"name":"Tienda","item":"https:\/\/manosinkietas.com\/en\/tienda\/","nextItem":{"@type":"ListItem","@id":"https:\/\/manosinkietas.com\/en\/categoria\/celebracion\/#listItem","name":"Eventos y ocasiones especiales"},"previousItem":{"@type":"ListItem","@id":"https:\/\/manosinkietas.com\/en#listItem","name":"Inicio"}},{"@type":"ListItem","@id":"https:\/\/manosinkietas.com\/en\/categoria\/celebracion\/#listItem","position":3,"name":"Eventos y ocasiones especiales","item":"https:\/\/manosinkietas.com\/en\/categoria\/celebracion\/","nextItem":{"@type":"ListItem","@id":"https:\/\/manosinkietas.com\/en\/categoria\/celebracion\/libros-de-firmas\/#listItem","name":"Libros de firmas"},"previousItem":{"@type":"ListItem","@id":"https:\/\/manosinkietas.com\/en\/tienda\/#listItem","name":"Tienda"}},{"@type":"ListItem","@id":"https:\/\/manosinkietas.com\/en\/categoria\/celebracion\/libros-de-firmas\/#listItem","position":4,"name":"Libros de firmas","item":"https:\/\/manosinkietas.com\/en\/categoria\/celebracion\/libros-de-firmas\/","nextItem":{"@type":"ListItem","@id":"https:\/\/manosinkietas.com\/en\/product\/album-de-fotos-aqui-empezo-todo-regalo-san-valentin\/#listItem","name":"\u00c1lbum de Fotos Aqu\u00ed Empez\u00f3 Todo Regalo San Valent\u00edn"},"previousItem":{"@type":"ListItem","@id":"https:\/\/manosinkietas.com\/en\/categoria\/celebracion\/#listItem","name":"Eventos y ocasiones especiales"}},{"@type":"ListItem","@id":"https:\/\/manosinkietas.com\/en\/product\/album-de-fotos-aqui-empezo-todo-regalo-san-valentin\/#listItem","position":5,"name":"\u00c1lbum de Fotos Aqu\u00ed Empez\u00f3 Todo Regalo San Valent\u00edn","previousItem":{"@type":"ListItem","@id":"https:\/\/manosinkietas.com\/en\/categoria\/celebracion\/libros-de-firmas\/#listItem","name":"Libros de firmas"}}]},{"@type":"ItemPage","@id":"https:\/\/manosinkietas.com\/en\/product\/album-de-fotos-aqui-empezo-todo-regalo-san-valentin\/#itempage","url":"https:\/\/manosinkietas.com\/en\/product\/album-de-fotos-aqui-empezo-todo-regalo-san-valentin\/","name":"\u00c1lbum de Fotos Aqu\u00ed Empez\u00f3 Todo Regalo San Valent\u00edn - Manos Inkietas","description":"Hermoso y original \u00e1lbum de fotos Aqu\u00ed empez\u00f3 todo, especial para conservar tus recuerdos m\u00e1s bonitos e ideal como regalo San Valent\u00edn.","inLanguage":"en-GB","isPartOf":{"@id":"https:\/\/manosinkietas.com\/en\/#website"},"breadcrumb":{"@id":"https:\/\/manosinkietas.com\/en\/product\/album-de-fotos-aqui-empezo-todo-regalo-san-valentin\/#breadcrumblist"},"image":{"@type":"ImageObject","url":"https:\/\/manosinkietas.com\/wp-content\/uploads\/2026\/01\/WhatsApp-Image-2026-01-26-at-15.49.44-1.jpeg","@id":"https:\/\/manosinkietas.com\/en\/product\/album-de-fotos-aqui-empezo-todo-regalo-san-valentin\/#mainImage","width":1148,"height":2040,"caption":"\u00c1lbum de Fotos Aqu\u00ed Empez\u00f3 Todo Regalo San Valent\u00edn"},"primaryImageOfPage":{"@id":"https:\/\/manosinkietas.com\/en\/product\/album-de-fotos-aqui-empezo-todo-regalo-san-valentin\/#mainImage"},"datePublished":"2026-01-26T15:55:03+01:00","dateModified":"2026-01-26T16:07:10+01:00"},{"@type":"Organization","@id":"https:\/\/manosinkietas.com\/en\/#organization","name":"Manos Inkietas","description":"Manos Inkietas","url":"https:\/\/manosinkietas.com\/en\/","logo":{"@type":"ImageObject","url":"https:\/\/manosinkietas.com\/wp-content\/uploads\/2021\/01\/LogoManosInkietas.png","@id":"https:\/\/manosinkietas.com\/en\/product\/album-de-fotos-aqui-empezo-todo-regalo-san-valentin\/#organizationLogo","width":566,"height":263},"image":{"@id":"https:\/\/manosinkietas.com\/en\/product\/album-de-fotos-aqui-empezo-todo-regalo-san-valentin\/#organizationLogo"}},{"@type":"WebSite","@id":"https:\/\/manosinkietas.com\/en\/#website","url":"https:\/\/manosinkietas.com\/en\/","name":"Manos Inkietas","description":"Manos Inkietas","inLanguage":"en-GB","publisher":{"@id":"https:\/\/manosinkietas.com\/en\/#organization"}}]},"og:locale":"en_GB","og:site_name":"Manos Inkietas - Manos Inkietas","og:type":"article","og:title":"\u00c1lbum de Fotos Aqu\u00ed Empez\u00f3 Todo Regalo San Valent\u00edn - Manos Inkietas","og:description":"Hermoso y original \u00e1lbum de fotos Aqu\u00ed empez\u00f3 todo, especial para conservar tus recuerdos m\u00e1s bonitos e ideal como regalo San Valent\u00edn.","og:url":"https:\/\/manosinkietas.com\/en\/product\/album-de-fotos-aqui-empezo-todo-regalo-san-valentin\/","og:image":"https:\/\/manosinkietas.com\/wp-content\/uploads\/2021\/01\/LogoManosInkietas.png","og:image:secure_url":"https:\/\/manosinkietas.com\/wp-content\/uploads\/2021\/01\/LogoManosInkietas.png","article:published_time":"2026-01-26T14:55:03+00:00","article:modified_time":"2026-01-26T15:07:10+00:00","twitter:card":"summary","twitter:title":"\u00c1lbum de Fotos Aqu\u00ed Empez\u00f3 Todo Regalo San Valent\u00edn - Manos Inkietas","twitter:description":"Hermoso y original \u00e1lbum de fotos Aqu\u00ed empez\u00f3 todo, especial para conservar tus recuerdos m\u00e1s bonitos e ideal como regalo San Valent\u00edn.","twitter:image":"https:\/\/manosinkietas.com\/wp-content\/uploads\/2021\/01\/LogoManosInkietas.png"},"aioseo_meta_data":{"post_id":"12439","title":null,"description":null,"keywords":null,"keyphrases":{"focus":{"keyphrase":"","score":0,"analysis":{"keyphraseInTitle":{"score":0,"maxScore":9,"error":1}}},"additional":[]},"primary_term":null,"canonical_url":null,"og_title":null,"og_description":null,"og_object_type":"default","og_image_type":"default","og_image_url":null,"og_image_width":null,"og_image_height":null,"og_image_custom_url":null,"og_image_custom_fields":null,"og_video":"","og_custom_url":null,"og_article_section":null,"og_article_tags":null,"twitter_use_og":false,"twitter_card":"default","twitter_image_type":"default","twitter_image_url":null,"twitter_image_custom_url":null,"twitter_image_custom_fields":null,"twitter_title":null,"twitter_description":null,"schema":{"blockGraphs":[],"customGraphs":[],"default":{"data":{"Article":[],"Course":[],"Dataset":[],"FAQPage":[],"Movie":[],"Person":[],"Product":[],"ProductReview":[],"Car":[],"Recipe":[],"Service":[],"SoftwareApplication":[],"WebPage":[]},"graphName":"ItemPage","isEnabled":true},"graphs":[]},"schema_type":"default","schema_type_options":null,"pillar_content":false,"robots_default":true,"robots_noindex":false,"robots_noarchive":false,"robots_nosnippet":false,"robots_nofollow":false,"robots_noimageindex":false,"robots_noodp":false,"robots_notranslate":false,"robots_max_snippet":"-1","robots_max_videopreview":"-1","robots_max_imagepreview":"large","priority":null,"frequency":"default","local_seo":null,"breadcrumb_settings":null,"limit_modified_date":false,"ai":{"faqs":[],"keyPoints":[],"titles":[],"descriptions":[],"socialPosts":{"email":[],"linkedin":[],"twitter":[],"facebook":[],"instagram":[]}},"created":"2026-01-26 14:55:03","updated":"2026-01-26 15:21:59","seo_analyzer_scan_date":null},"aioseo_breadcrumb":"<div class=\"aioseo-breadcrumbs\"><span class=\"aioseo-breadcrumb\">\n\t\t\t<a href=\"https:\/\/manosinkietas.com\/en\" title=\"Inicio\">Inicio<\/a>\n\t\t<\/span><span class=\"aioseo-breadcrumb-separator\">&raquo;<\/span><span class=\"aioseo-breadcrumb\">\n\t\t\t<a href=\"https:\/\/manosinkietas.com\/en\/tienda\/\" title=\"Tienda\">Tienda<\/a>\n\t\t<\/span><span class=\"aioseo-breadcrumb-separator\">&raquo;<\/span><span class=\"aioseo-breadcrumb\">\n\t\t\t<a href=\"https:\/\/manosinkietas.com\/en\/categoria\/celebracion\/\" title=\"Eventos y ocasiones especiales\">Eventos y ocasiones especiales<\/a>\n\t\t<\/span><span class=\"aioseo-breadcrumb-separator\">&raquo;<\/span><span class=\"aioseo-breadcrumb\">\n\t\t\t<a href=\"https:\/\/manosinkietas.com\/en\/categoria\/celebracion\/libros-de-firmas\/\" title=\"Libros de firmas\">Libros de firmas<\/a>\n\t\t<\/span><span class=\"aioseo-breadcrumb-separator\">&raquo;<\/span><span class=\"aioseo-breadcrumb\">\n\t\t\t\u00c1lbum de Fotos Aqu\u00ed Empez\u00f3 Todo Regalo San Valent\u00edn\n\t\t<\/span><\/div>","aioseo_breadcrumb_json":[{"label":"Inicio","link":"https:\/\/manosinkietas.com\/en"},{"label":"Tienda","link":"https:\/\/manosinkietas.com\/en\/tienda\/"},{"label":"Eventos y ocasiones especiales","link":"https:\/\/manosinkietas.com\/en\/categoria\/celebracion\/"},{"label":"Libros de firmas","link":"https:\/\/manosinkietas.com\/en\/categoria\/celebracion\/libros-de-firmas\/"},{"label":"\u00c1lbum de Fotos Aqu\u00ed Empez\u00f3 Todo Regalo San Valent\u00edn","link":"https:\/\/manosinkietas.com\/en\/product\/album-de-fotos-aqui-empezo-todo-regalo-san-valentin\/"}],"_links":{"self":[{"href":"https:\/\/manosinkietas.com\/en\/wp-json\/wp\/v2\/product\/12439","targetHints":{"allow":["GET"]}}],"collection":[{"href":"https:\/\/manosinkietas.com\/en\/wp-json\/wp\/v2\/product"}],"about":[{"href":"https:\/\/manosinkietas.com\/en\/wp-json\/wp\/v2\/types\/product"}],"replies":[{"embeddable":true,"href":"https:\/\/manosinkietas.com\/en\/wp-json\/wp\/v2\/comments?post=12439"}],"version-history":[{"count":1,"href":"https:\/\/manosinkietas.com\/en\/wp-json\/wp\/v2\/product\/12439\/revisions"}],"predecessor-version":[{"id":12445,"href":"https:\/\/manosinkietas.com\/en\/wp-json\/wp\/v2\/product\/12439\/revisions\/12445"}],"wp:featuredmedia":[{"embeddable":true,"href":"https:\/\/manosinkietas.com\/en\/wp-json\/wp\/v2\/media\/12443"}],"wp:attachment":[{"href":"https:\/\/manosinkietas.com\/en\/wp-json\/wp\/v2\/media?parent=12439"}],"wp:term":[{"taxonomy":"product_brand","embeddable":true,"href":"https:\/\/manosinkietas.com\/en\/wp-json\/wp\/v2\/product_brand?post=12439"},{"taxonomy":"product_cat","embeddable":true,"href":"https:\/\/manosinkietas.com\/en\/wp-json\/wp\/v2\/product_cat?post=12439"},{"taxonomy":"product_tag","embeddable":true,"href":"https:\/\/manosinkietas.com\/en\/wp-json\/wp\/v2\/product_tag?post=12439"},{"taxonomy":"filtro_producto","embeddable":true,"href":"https:\/\/manosinkietas.com\/en\/wp-json\/wp\/v2\/filtro_producto?post=12439"}],"curies":[{"name":"wp","href":"https:\/\/api.w.org\/{rel}","templated":true}]}}