{"id":10718,"date":"2024-04-24T16:04:57","date_gmt":"2024-04-24T14:04:57","guid":{"rendered":"https:\/\/manosinkietas.com\/?post_type=product&#038;p=10718"},"modified":"2026-05-01T11:15:07","modified_gmt":"2026-05-01T09:15:07","slug":"marco-de-fotos-con-iman-dia-de-las-madres","status":"publish","type":"product","link":"https:\/\/manosinkietas.com\/en\/product\/marco-de-fotos-con-iman-dia-de-las-madres\/","title":{"rendered":"Marco de Fotos con Im\u00e1n D\u00eda de las Madres"},"content":{"rendered":"<p>Hermosos y originales marcos de fotos con im\u00e1n para el D\u00eda de las Madres. Cada marco contiene un espacio para que coloques una foto y adem\u00e1s, se puede personalizar con el nombre de tus peques.<\/p>\n<p>Tambi\u00e9n podemos incluir el nombre de mam\u00e1 en el dise\u00f1o.<\/p>\n<p>Estos marcos con im\u00e1n incluyen las frases para Mam\u00e1: Feliz d\u00eda \/ Tu amor siempre florece \/ Eres mi flor favorita \/ Eres la flor m\u00e1s bonita<\/p>\n<p>MEDIDAS DEL MARCO (ESPACIO PARA FOTO): 6 x 10cm<\/p>\n<p>MEDIDAS DE LA PIEZA ENTERA: 9 x 14,3cm<\/p>\n<p>*****************************************<\/p>\n<p>Por favor, preg\u00fantanos si tienes alguna duda acerca de nuestros productos. Estamos felices de atenderte.<\/p>\n<p>Recordatorio: esta es una peque\u00f1a tienda de emprendedores y el tiempo invertido en crear nuestras piezas \u00fanicas tambi\u00e9n tiene valor.<\/p>\n<p>\u00bfTe gustan nuestros productos? Echa un vistazo a la tienda:<\/p>","protected":false},"excerpt":{"rendered":"<p>Hermosos y originales marcos de fotos con im\u00e1n para el D\u00eda de las Madres. Cada marco contiene un espacio para que coloques una foto y adem\u00e1s, se puede personalizar con el nombre de tus peques.<\/p>","protected":false},"featured_media":12708,"comment_status":"open","ping_status":"closed","template":"","meta":{"_acf_changed":false},"product_brand":[],"product_cat":[36,702],"product_tag":[49,1049,868,84,69,1043,196,805,807,1042,1039,494,85,72,284],"filtro_producto":[],"class_list":["post-10718","product","type-product","status-publish","has-post-thumbnail","product_cat-celebracion","product_cat-tematico","product_tag-corte-laser","product_tag-detalle-para-mama","product_tag-detalles-para-mama","product_tag-dia-de-las-madres","product_tag-grabado-laser","product_tag-iman","product_tag-madera","product_tag-madre","product_tag-mama","product_tag-marco","product_tag-marco-con-iman","product_tag-marco-de-fotos","product_tag-regalo-para-mama","product_tag-regalo-personalizado","product_tag-regalos-para-mama","first","instock","taxable","shipping-taxable","purchasable","product-type-variable"],"acf":[],"aioseo_notices":[],"aioseo_head":"\n\t\t<!-- All in One SEO 4.9.10 - aioseo.com -->\n\t<meta name=\"description\" content=\"Hermosos y originales marcos de fotos con im\u00e1n para el D\u00eda de las Madres. Cada marco contiene un espacio para que coloques una foto y adem\u00e1s, se puede personalizar con el nombre de tus peques.\" \/>\n\t<meta name=\"robots\" content=\"max-image-preview:large\" \/>\n\t<link rel=\"canonical\" href=\"https:\/\/manosinkietas.com\/en\/product\/marco-de-fotos-con-iman-dia-de-las-madres\/\" \/>\n\t<meta name=\"generator\" content=\"All in One SEO (AIOSEO) 4.9.10\" \/>\n\t\t<meta property=\"og:locale\" content=\"en_GB\" \/>\n\t\t<meta property=\"og:site_name\" content=\"Manos Inkietas - Manos Inkietas\" \/>\n\t\t<meta property=\"og:type\" content=\"article\" \/>\n\t\t<meta property=\"og:title\" content=\"Marco de Fotos con Im\u00e1n D\u00eda de las Madres - Manos Inkietas\" \/>\n\t\t<meta property=\"og:description\" content=\"Hermosos y originales marcos de fotos con im\u00e1n para el D\u00eda de las Madres. Cada marco contiene un espacio para que coloques una foto y adem\u00e1s, se puede personalizar con el nombre de tus peques.\" \/>\n\t\t<meta property=\"og:url\" content=\"https:\/\/manosinkietas.com\/en\/product\/marco-de-fotos-con-iman-dia-de-las-madres\/\" \/>\n\t\t<meta property=\"og:image\" content=\"https:\/\/manosinkietas.com\/wp-content\/uploads\/2021\/01\/LogoManosInkietas.png\" \/>\n\t\t<meta property=\"og:image:secure_url\" content=\"https:\/\/manosinkietas.com\/wp-content\/uploads\/2021\/01\/LogoManosInkietas.png\" \/>\n\t\t<meta property=\"article:published_time\" content=\"2024-04-24T14:04:57+00:00\" \/>\n\t\t<meta property=\"article:modified_time\" content=\"2026-05-01T09:15:07+00:00\" \/>\n\t\t<meta name=\"twitter:card\" content=\"summary\" \/>\n\t\t<meta name=\"twitter:title\" content=\"Marco de Fotos con Im\u00e1n D\u00eda de las Madres - Manos Inkietas\" \/>\n\t\t<meta name=\"twitter:description\" content=\"Hermosos y originales marcos de fotos con im\u00e1n para el D\u00eda de las Madres. Cada marco contiene un espacio para que coloques una foto y adem\u00e1s, se puede personalizar con el nombre de tus peques.\" \/>\n\t\t<meta name=\"twitter:image\" content=\"https:\/\/manosinkietas.com\/wp-content\/uploads\/2021\/01\/LogoManosInkietas.png\" \/>\n\t\t<script type=\"application\/ld+json\" class=\"aioseo-schema\">\n\t\t\t{\"@context\":\"https:\\\/\\\/schema.org\",\"@graph\":[{\"@type\":\"BreadcrumbList\",\"@id\":\"https:\\\/\\\/manosinkietas.com\\\/en\\\/product\\\/marco-de-fotos-con-iman-dia-de-las-madres\\\/#breadcrumblist\",\"itemListElement\":[{\"@type\":\"ListItem\",\"@id\":\"https:\\\/\\\/manosinkietas.com\\\/en#listItem\",\"position\":1,\"name\":\"Inicio\",\"item\":\"https:\\\/\\\/manosinkietas.com\\\/en\",\"nextItem\":{\"@type\":\"ListItem\",\"@id\":\"https:\\\/\\\/manosinkietas.com\\\/en\\\/tienda\\\/#listItem\",\"name\":\"Tienda\"}},{\"@type\":\"ListItem\",\"@id\":\"https:\\\/\\\/manosinkietas.com\\\/en\\\/tienda\\\/#listItem\",\"position\":2,\"name\":\"Tienda\",\"item\":\"https:\\\/\\\/manosinkietas.com\\\/en\\\/tienda\\\/\",\"nextItem\":{\"@type\":\"ListItem\",\"@id\":\"https:\\\/\\\/manosinkietas.com\\\/en\\\/categoria\\\/celebracion\\\/#listItem\",\"name\":\"Eventos y ocasiones especiales\"},\"previousItem\":{\"@type\":\"ListItem\",\"@id\":\"https:\\\/\\\/manosinkietas.com\\\/en#listItem\",\"name\":\"Inicio\"}},{\"@type\":\"ListItem\",\"@id\":\"https:\\\/\\\/manosinkietas.com\\\/en\\\/categoria\\\/celebracion\\\/#listItem\",\"position\":3,\"name\":\"Eventos y ocasiones especiales\",\"item\":\"https:\\\/\\\/manosinkietas.com\\\/en\\\/categoria\\\/celebracion\\\/\",\"nextItem\":{\"@type\":\"ListItem\",\"@id\":\"https:\\\/\\\/manosinkietas.com\\\/en\\\/categoria\\\/celebracion\\\/tematico\\\/#listItem\",\"name\":\"Tem\\u00e1tico\"},\"previousItem\":{\"@type\":\"ListItem\",\"@id\":\"https:\\\/\\\/manosinkietas.com\\\/en\\\/tienda\\\/#listItem\",\"name\":\"Tienda\"}},{\"@type\":\"ListItem\",\"@id\":\"https:\\\/\\\/manosinkietas.com\\\/en\\\/categoria\\\/celebracion\\\/tematico\\\/#listItem\",\"position\":4,\"name\":\"Tem\\u00e1tico\",\"item\":\"https:\\\/\\\/manosinkietas.com\\\/en\\\/categoria\\\/celebracion\\\/tematico\\\/\",\"nextItem\":{\"@type\":\"ListItem\",\"@id\":\"https:\\\/\\\/manosinkietas.com\\\/en\\\/product\\\/marco-de-fotos-con-iman-dia-de-las-madres\\\/#listItem\",\"name\":\"Marco de Fotos con Im\\u00e1n D\\u00eda de las Madres\"},\"previousItem\":{\"@type\":\"ListItem\",\"@id\":\"https:\\\/\\\/manosinkietas.com\\\/en\\\/categoria\\\/celebracion\\\/#listItem\",\"name\":\"Eventos y ocasiones especiales\"}},{\"@type\":\"ListItem\",\"@id\":\"https:\\\/\\\/manosinkietas.com\\\/en\\\/product\\\/marco-de-fotos-con-iman-dia-de-las-madres\\\/#listItem\",\"position\":5,\"name\":\"Marco de Fotos con Im\\u00e1n D\\u00eda de las Madres\",\"previousItem\":{\"@type\":\"ListItem\",\"@id\":\"https:\\\/\\\/manosinkietas.com\\\/en\\\/categoria\\\/celebracion\\\/tematico\\\/#listItem\",\"name\":\"Tem\\u00e1tico\"}}]},{\"@type\":\"ItemPage\",\"@id\":\"https:\\\/\\\/manosinkietas.com\\\/en\\\/product\\\/marco-de-fotos-con-iman-dia-de-las-madres\\\/#itempage\",\"url\":\"https:\\\/\\\/manosinkietas.com\\\/en\\\/product\\\/marco-de-fotos-con-iman-dia-de-las-madres\\\/\",\"name\":\"Marco de Fotos con Im\\u00e1n D\\u00eda de las Madres - Manos Inkietas\",\"description\":\"Hermosos y originales marcos de fotos con im\\u00e1n para el D\\u00eda de las Madres. Cada marco contiene un espacio para que coloques una foto y adem\\u00e1s, se puede personalizar con el nombre de tus peques.\",\"inLanguage\":\"en-GB\",\"isPartOf\":{\"@id\":\"https:\\\/\\\/manosinkietas.com\\\/en\\\/#website\"},\"breadcrumb\":{\"@id\":\"https:\\\/\\\/manosinkietas.com\\\/en\\\/product\\\/marco-de-fotos-con-iman-dia-de-las-madres\\\/#breadcrumblist\"},\"image\":{\"@type\":\"ImageObject\",\"url\":\"https:\\\/\\\/manosinkietas.com\\\/wp-content\\\/uploads\\\/2024\\\/04\\\/WhatsApp-Image-2026-04-28-at-18.19.29.jpeg\",\"@id\":\"https:\\\/\\\/manosinkietas.com\\\/en\\\/product\\\/marco-de-fotos-con-iman-dia-de-las-madres\\\/#mainImage\",\"width\":900,\"height\":1600,\"caption\":\"Marco de Fotos con Im\\u00e1n D\\u00eda de las Madres\"},\"primaryImageOfPage\":{\"@id\":\"https:\\\/\\\/manosinkietas.com\\\/en\\\/product\\\/marco-de-fotos-con-iman-dia-de-las-madres\\\/#mainImage\"},\"datePublished\":\"2024-04-24T16:04:57+02:00\",\"dateModified\":\"2026-05-01T11:15:07+02:00\"},{\"@type\":\"Organization\",\"@id\":\"https:\\\/\\\/manosinkietas.com\\\/en\\\/#organization\",\"name\":\"Manos Inkietas\",\"description\":\"Manos Inkietas\",\"url\":\"https:\\\/\\\/manosinkietas.com\\\/en\\\/\",\"logo\":{\"@type\":\"ImageObject\",\"url\":\"https:\\\/\\\/manosinkietas.com\\\/wp-content\\\/uploads\\\/2021\\\/01\\\/LogoManosInkietas.png\",\"@id\":\"https:\\\/\\\/manosinkietas.com\\\/en\\\/product\\\/marco-de-fotos-con-iman-dia-de-las-madres\\\/#organizationLogo\",\"width\":566,\"height\":263},\"image\":{\"@id\":\"https:\\\/\\\/manosinkietas.com\\\/en\\\/product\\\/marco-de-fotos-con-iman-dia-de-las-madres\\\/#organizationLogo\"}},{\"@type\":\"WebSite\",\"@id\":\"https:\\\/\\\/manosinkietas.com\\\/en\\\/#website\",\"url\":\"https:\\\/\\\/manosinkietas.com\\\/en\\\/\",\"name\":\"Manos Inkietas\",\"description\":\"Manos Inkietas\",\"inLanguage\":\"en-GB\",\"publisher\":{\"@id\":\"https:\\\/\\\/manosinkietas.com\\\/en\\\/#organization\"}}]}\n\t\t<\/script>\n\t\t<!-- All in One SEO -->\n\n","aioseo_head_json":{"title":"Marco de Fotos con Im\u00e1n D\u00eda de las Madres - Manos Inkietas","description":"Hermosos y originales marcos de fotos con im\u00e1n para el D\u00eda de las Madres. Cada marco contiene un espacio para que coloques una foto y adem\u00e1s, se puede personalizar con el nombre de tus peques.","canonical_url":"https:\/\/manosinkietas.com\/en\/product\/marco-de-fotos-con-iman-dia-de-las-madres\/","robots":"max-image-preview:large","keywords":"","webmasterTools":{"miscellaneous":""},"schema":{"@context":"https:\/\/schema.org","@graph":[{"@type":"BreadcrumbList","@id":"https:\/\/manosinkietas.com\/en\/product\/marco-de-fotos-con-iman-dia-de-las-madres\/#breadcrumblist","itemListElement":[{"@type":"ListItem","@id":"https:\/\/manosinkietas.com\/en#listItem","position":1,"name":"Inicio","item":"https:\/\/manosinkietas.com\/en","nextItem":{"@type":"ListItem","@id":"https:\/\/manosinkietas.com\/en\/tienda\/#listItem","name":"Tienda"}},{"@type":"ListItem","@id":"https:\/\/manosinkietas.com\/en\/tienda\/#listItem","position":2,"name":"Tienda","item":"https:\/\/manosinkietas.com\/en\/tienda\/","nextItem":{"@type":"ListItem","@id":"https:\/\/manosinkietas.com\/en\/categoria\/celebracion\/#listItem","name":"Eventos y ocasiones especiales"},"previousItem":{"@type":"ListItem","@id":"https:\/\/manosinkietas.com\/en#listItem","name":"Inicio"}},{"@type":"ListItem","@id":"https:\/\/manosinkietas.com\/en\/categoria\/celebracion\/#listItem","position":3,"name":"Eventos y ocasiones especiales","item":"https:\/\/manosinkietas.com\/en\/categoria\/celebracion\/","nextItem":{"@type":"ListItem","@id":"https:\/\/manosinkietas.com\/en\/categoria\/celebracion\/tematico\/#listItem","name":"Tem\u00e1tico"},"previousItem":{"@type":"ListItem","@id":"https:\/\/manosinkietas.com\/en\/tienda\/#listItem","name":"Tienda"}},{"@type":"ListItem","@id":"https:\/\/manosinkietas.com\/en\/categoria\/celebracion\/tematico\/#listItem","position":4,"name":"Tem\u00e1tico","item":"https:\/\/manosinkietas.com\/en\/categoria\/celebracion\/tematico\/","nextItem":{"@type":"ListItem","@id":"https:\/\/manosinkietas.com\/en\/product\/marco-de-fotos-con-iman-dia-de-las-madres\/#listItem","name":"Marco de Fotos con Im\u00e1n D\u00eda de las Madres"},"previousItem":{"@type":"ListItem","@id":"https:\/\/manosinkietas.com\/en\/categoria\/celebracion\/#listItem","name":"Eventos y ocasiones especiales"}},{"@type":"ListItem","@id":"https:\/\/manosinkietas.com\/en\/product\/marco-de-fotos-con-iman-dia-de-las-madres\/#listItem","position":5,"name":"Marco de Fotos con Im\u00e1n D\u00eda de las Madres","previousItem":{"@type":"ListItem","@id":"https:\/\/manosinkietas.com\/en\/categoria\/celebracion\/tematico\/#listItem","name":"Tem\u00e1tico"}}]},{"@type":"ItemPage","@id":"https:\/\/manosinkietas.com\/en\/product\/marco-de-fotos-con-iman-dia-de-las-madres\/#itempage","url":"https:\/\/manosinkietas.com\/en\/product\/marco-de-fotos-con-iman-dia-de-las-madres\/","name":"Marco de Fotos con Im\u00e1n D\u00eda de las Madres - Manos Inkietas","description":"Hermosos y originales marcos de fotos con im\u00e1n para el D\u00eda de las Madres. Cada marco contiene un espacio para que coloques una foto y adem\u00e1s, se puede personalizar con el nombre de tus peques.","inLanguage":"en-GB","isPartOf":{"@id":"https:\/\/manosinkietas.com\/en\/#website"},"breadcrumb":{"@id":"https:\/\/manosinkietas.com\/en\/product\/marco-de-fotos-con-iman-dia-de-las-madres\/#breadcrumblist"},"image":{"@type":"ImageObject","url":"https:\/\/manosinkietas.com\/wp-content\/uploads\/2024\/04\/WhatsApp-Image-2026-04-28-at-18.19.29.jpeg","@id":"https:\/\/manosinkietas.com\/en\/product\/marco-de-fotos-con-iman-dia-de-las-madres\/#mainImage","width":900,"height":1600,"caption":"Marco de Fotos con Im\u00e1n D\u00eda de las Madres"},"primaryImageOfPage":{"@id":"https:\/\/manosinkietas.com\/en\/product\/marco-de-fotos-con-iman-dia-de-las-madres\/#mainImage"},"datePublished":"2024-04-24T16:04:57+02:00","dateModified":"2026-05-01T11:15:07+02:00"},{"@type":"Organization","@id":"https:\/\/manosinkietas.com\/en\/#organization","name":"Manos Inkietas","description":"Manos Inkietas","url":"https:\/\/manosinkietas.com\/en\/","logo":{"@type":"ImageObject","url":"https:\/\/manosinkietas.com\/wp-content\/uploads\/2021\/01\/LogoManosInkietas.png","@id":"https:\/\/manosinkietas.com\/en\/product\/marco-de-fotos-con-iman-dia-de-las-madres\/#organizationLogo","width":566,"height":263},"image":{"@id":"https:\/\/manosinkietas.com\/en\/product\/marco-de-fotos-con-iman-dia-de-las-madres\/#organizationLogo"}},{"@type":"WebSite","@id":"https:\/\/manosinkietas.com\/en\/#website","url":"https:\/\/manosinkietas.com\/en\/","name":"Manos Inkietas","description":"Manos Inkietas","inLanguage":"en-GB","publisher":{"@id":"https:\/\/manosinkietas.com\/en\/#organization"}}]},"og:locale":"en_GB","og:site_name":"Manos Inkietas - Manos Inkietas","og:type":"article","og:title":"Marco de Fotos con Im\u00e1n D\u00eda de las Madres - Manos Inkietas","og:description":"Hermosos y originales marcos de fotos con im\u00e1n para el D\u00eda de las Madres. Cada marco contiene un espacio para que coloques una foto y adem\u00e1s, se puede personalizar con el nombre de tus peques.","og:url":"https:\/\/manosinkietas.com\/en\/product\/marco-de-fotos-con-iman-dia-de-las-madres\/","og:image":"https:\/\/manosinkietas.com\/wp-content\/uploads\/2021\/01\/LogoManosInkietas.png","og:image:secure_url":"https:\/\/manosinkietas.com\/wp-content\/uploads\/2021\/01\/LogoManosInkietas.png","article:published_time":"2024-04-24T14:04:57+00:00","article:modified_time":"2026-05-01T09:15:07+00:00","twitter:card":"summary","twitter:title":"Marco de Fotos con Im\u00e1n D\u00eda de las Madres - Manos Inkietas","twitter:description":"Hermosos y originales marcos de fotos con im\u00e1n para el D\u00eda de las Madres. Cada marco contiene un espacio para que coloques una foto y adem\u00e1s, se puede personalizar con el nombre de tus peques.","twitter:image":"https:\/\/manosinkietas.com\/wp-content\/uploads\/2021\/01\/LogoManosInkietas.png"},"aioseo_meta_data":{"post_id":"10718","title":null,"description":null,"keywords":null,"keyphrases":{"focus":{"keyphrase":"","score":0,"analysis":{"keyphraseInTitle":{"score":0,"maxScore":9,"error":1}}},"additional":[]},"primary_term":null,"canonical_url":null,"og_title":null,"og_description":null,"og_object_type":"default","og_image_type":"default","og_image_url":null,"og_image_width":null,"og_image_height":null,"og_image_custom_url":null,"og_image_custom_fields":null,"og_video":"","og_custom_url":null,"og_article_section":null,"og_article_tags":null,"twitter_use_og":false,"twitter_card":"default","twitter_image_type":"default","twitter_image_url":null,"twitter_image_custom_url":null,"twitter_image_custom_fields":null,"twitter_title":null,"twitter_description":null,"schema":{"blockGraphs":[],"customGraphs":[],"default":{"data":{"Article":[],"Course":[],"Dataset":[],"FAQPage":[],"Movie":[],"Person":[],"Product":[],"ProductReview":[],"Car":[],"Recipe":[],"Service":[],"SoftwareApplication":[],"WebPage":[]},"graphName":"ItemPage","isEnabled":true},"graphs":[]},"schema_type":"default","schema_type_options":null,"pillar_content":false,"robots_default":true,"robots_noindex":false,"robots_noarchive":false,"robots_nosnippet":false,"robots_nofollow":false,"robots_noimageindex":false,"robots_noodp":false,"robots_notranslate":false,"robots_max_snippet":"-1","robots_max_videopreview":"-1","robots_max_imagepreview":"large","priority":null,"frequency":"default","local_seo":null,"breadcrumb_settings":null,"limit_modified_date":false,"ai":{"faqs":[],"keyPoints":[],"titles":[],"descriptions":[],"socialPosts":{"email":[],"linkedin":[],"twitter":[],"facebook":[],"instagram":[]}},"created":"2024-04-24 14:04:57","updated":"2026-05-01 09:30:50","seo_analyzer_scan_date":null},"aioseo_breadcrumb":"<div class=\"aioseo-breadcrumbs\"><span class=\"aioseo-breadcrumb\">\n\t\t\t<a href=\"https:\/\/manosinkietas.com\/en\" title=\"Inicio\">Inicio<\/a>\n\t\t<\/span><span class=\"aioseo-breadcrumb-separator\">&raquo;<\/span><span class=\"aioseo-breadcrumb\">\n\t\t\t<a href=\"https:\/\/manosinkietas.com\/en\/tienda\/\" title=\"Tienda\">Tienda<\/a>\n\t\t<\/span><span class=\"aioseo-breadcrumb-separator\">&raquo;<\/span><span class=\"aioseo-breadcrumb\">\n\t\t\t<a href=\"https:\/\/manosinkietas.com\/en\/categoria\/celebracion\/\" title=\"Eventos y ocasiones especiales\">Eventos y ocasiones especiales<\/a>\n\t\t<\/span><span class=\"aioseo-breadcrumb-separator\">&raquo;<\/span><span class=\"aioseo-breadcrumb\">\n\t\t\t<a href=\"https:\/\/manosinkietas.com\/en\/categoria\/celebracion\/tematico\/\" title=\"Tem\u00e1tico\">Tem\u00e1tico<\/a>\n\t\t<\/span><span class=\"aioseo-breadcrumb-separator\">&raquo;<\/span><span class=\"aioseo-breadcrumb\">\n\t\t\tMarco de Fotos con Im\u00e1n D\u00eda de las Madres\n\t\t<\/span><\/div>","aioseo_breadcrumb_json":[{"label":"Inicio","link":"https:\/\/manosinkietas.com\/en"},{"label":"Tienda","link":"https:\/\/manosinkietas.com\/en\/tienda\/"},{"label":"Eventos y ocasiones especiales","link":"https:\/\/manosinkietas.com\/en\/categoria\/celebracion\/"},{"label":"Tem\u00e1tico","link":"https:\/\/manosinkietas.com\/en\/categoria\/celebracion\/tematico\/"},{"label":"Marco de Fotos con Im\u00e1n D\u00eda de las Madres","link":"https:\/\/manosinkietas.com\/en\/product\/marco-de-fotos-con-iman-dia-de-las-madres\/"}],"_links":{"self":[{"href":"https:\/\/manosinkietas.com\/en\/wp-json\/wp\/v2\/product\/10718","targetHints":{"allow":["GET"]}}],"collection":[{"href":"https:\/\/manosinkietas.com\/en\/wp-json\/wp\/v2\/product"}],"about":[{"href":"https:\/\/manosinkietas.com\/en\/wp-json\/wp\/v2\/types\/product"}],"replies":[{"embeddable":true,"href":"https:\/\/manosinkietas.com\/en\/wp-json\/wp\/v2\/comments?post=10718"}],"version-history":[{"count":4,"href":"https:\/\/manosinkietas.com\/en\/wp-json\/wp\/v2\/product\/10718\/revisions"}],"predecessor-version":[{"id":12711,"href":"https:\/\/manosinkietas.com\/en\/wp-json\/wp\/v2\/product\/10718\/revisions\/12711"}],"wp:featuredmedia":[{"embeddable":true,"href":"https:\/\/manosinkietas.com\/en\/wp-json\/wp\/v2\/media\/12708"}],"wp:attachment":[{"href":"https:\/\/manosinkietas.com\/en\/wp-json\/wp\/v2\/media?parent=10718"}],"wp:term":[{"taxonomy":"product_brand","embeddable":true,"href":"https:\/\/manosinkietas.com\/en\/wp-json\/wp\/v2\/product_brand?post=10718"},{"taxonomy":"product_cat","embeddable":true,"href":"https:\/\/manosinkietas.com\/en\/wp-json\/wp\/v2\/product_cat?post=10718"},{"taxonomy":"product_tag","embeddable":true,"href":"https:\/\/manosinkietas.com\/en\/wp-json\/wp\/v2\/product_tag?post=10718"},{"taxonomy":"filtro_producto","embeddable":true,"href":"https:\/\/manosinkietas.com\/en\/wp-json\/wp\/v2\/filtro_producto?post=10718"}],"curies":[{"name":"wp","href":"https:\/\/api.w.org\/{rel}","templated":true}]}}